{"id":2131,"date":"2022-03-17T12:06:30","date_gmt":"2022-03-17T11:06:30","guid":{"rendered":"https:\/\/www.moulindelagassotte.fr\/2022\/?page_id=2131"},"modified":"2026-03-30T11:12:13","modified_gmt":"2026-03-30T09:12:13","slug":"le-gite-detape","status":"publish","type":"page","link":"https:\/\/www.moulindelagassotte.fr\/nl\/le-gite-detape\/","title":{"rendered":"De G\u00eete d'\u00e9tape"},"content":{"rendered":"<div class=\"wp-block-cover alignfull\" style=\"min-height:500px;aspect-ratio:unset;\"><img loading=\"lazy\" decoding=\"async\" width=\"1000\" height=\"675\" class=\"wp-block-cover__image-background wp-image-1419\" alt=\"Op de 2e verdieping van de molen\" src=\"https:\/\/www.moulindelagassotte.fr\/2022\/wp-content\/uploads\/2018\/02\/grande-salle-2e-etage.jpg\" style=\"object-position:6% 0%\" data-object-fit=\"cover\" data-object-position=\"6% 0%\" srcset=\"https:\/\/www.moulindelagassotte.fr\/2022\/wp-content\/uploads\/2018\/02\/grande-salle-2e-etage.jpg 1000w, https:\/\/www.moulindelagassotte.fr\/2022\/wp-content\/uploads\/2018\/02\/grande-salle-2e-etage-300x203.jpg 300w, https:\/\/www.moulindelagassotte.fr\/2022\/wp-content\/uploads\/2018\/02\/grande-salle-2e-etage-768x518.jpg 768w\" sizes=\"auto, (max-width: 1000px) 100vw, 1000px\" \/><span aria-hidden=\"true\" class=\"wp-block-cover__background has-background-dim-40 has-background-dim\"><\/span><div class=\"wp-block-cover__inner-container is-layout-flow wp-block-cover-is-layout-flow\">\n<div style=\"height:60px\" aria-hidden=\"true\" class=\"wp-block-spacer\"><\/div>\n\n\n\n<h2 class=\"wp-block-heading has-text-align-center has-central-palette-6-color has-text-color\">De G\u00eete d'Etape<\/h2>\n\n\n\n<p class=\"has-text-align-center monter25 has-central-palette-6-color has-text-color has-large-font-size\">Wandelen of gewoon passeren, 10 stage bedden zijn geschikt voor u<\/p>\n\n\n\n<p class=\"has-text-align-center\">(Ook beschikbaar voor exclusieve verhuur met feestzaal)<\/p>\n<\/div><\/div>\n\n\n\n<div class=\"wp-block-columns alignwide is-layout-flex wp-container-core-columns-is-layout-9d6595d7 wp-block-columns-is-layout-flex\">\n<div class=\"wp-block-column is-layout-flow wp-block-column-is-layout-flow\" style=\"flex-basis:66.66%\">\n<div class=\"wp-block-group\"><div class=\"wp-block-group__inner-container is-layout-flow wp-block-group-is-layout-flow\">\n<p class=\"has-large-font-size\">Een \"ontspannen pauze\" in echte bedden om terug te gaan naar nieuwe avonturen.<\/p>\n\n\n\n<p>Bij de molen staat de tweede verdieping tot uw beschikking. Deze 100 m \u00b2 ruimte bestaat uit twee slaapkamers met een tweepersoonsbed (uitgerust met een wastafel) en een grote slaapzaal met 6 stapelbedden (uitgerust met een wastafel). Naast de wastafels in de kamers is er een gedeelde badkamer met douche en toilet. Er is ook een gemeenschappelijke ruimte met een keuken, tafels, stoelen en twee comfortabele banken.<\/p>\n\n\n\n<figure class=\"wp-block-gallery has-nested-images columns-default is-cropped wp-block-gallery-1 is-layout-flex wp-block-gallery-is-layout-flex\">\n<figure class=\"wp-block-image size-full\"><a href=\"https:\/\/www.moulindelagassotte.fr\/2022\/wp-content\/uploads\/2025\/06\/image2-1.jpeg\"><img loading=\"lazy\" decoding=\"async\" width=\"640\" height=\"480\" data-id=\"2950\" src=\"https:\/\/www.moulindelagassotte.fr\/2022\/wp-content\/uploads\/2025\/06\/image2-1.jpeg\" alt=\"\" class=\"wp-image-2950\" srcset=\"https:\/\/www.moulindelagassotte.fr\/2022\/wp-content\/uploads\/2025\/06\/image2-1.jpeg 640w, https:\/\/www.moulindelagassotte.fr\/2022\/wp-content\/uploads\/2025\/06\/image2-1-300x225.jpeg 300w, https:\/\/www.moulindelagassotte.fr\/2022\/wp-content\/uploads\/2025\/06\/image2-1-50x38.jpeg 50w, https:\/\/www.moulindelagassotte.fr\/2022\/wp-content\/uploads\/2025\/06\/image2-1-16x12.jpeg 16w, https:\/\/www.moulindelagassotte.fr\/2022\/wp-content\/uploads\/2025\/06\/image2-1-540x405.jpeg 540w\" sizes=\"auto, (max-width: 640px) 100vw, 640px\" \/><\/a><\/figure>\n\n\n\n<figure class=\"wp-block-image size-medium\"><img loading=\"lazy\" decoding=\"async\" width=\"300\" height=\"225\" data-id=\"3358\" src=\"https:\/\/www.moulindelagassotte.fr\/2022\/wp-content\/uploads\/2026\/03\/chambre-lit-double-300x225.jpg\" alt=\"\" class=\"wp-image-3358\" srcset=\"https:\/\/www.moulindelagassotte.fr\/2022\/wp-content\/uploads\/2026\/03\/chambre-lit-double-300x225.jpg 300w, https:\/\/www.moulindelagassotte.fr\/2022\/wp-content\/uploads\/2026\/03\/chambre-lit-double-1024x768.jpg 1024w, https:\/\/www.moulindelagassotte.fr\/2022\/wp-content\/uploads\/2026\/03\/chambre-lit-double-768x576.jpg 768w, https:\/\/www.moulindelagassotte.fr\/2022\/wp-content\/uploads\/2026\/03\/chambre-lit-double-50x38.jpg 50w, https:\/\/www.moulindelagassotte.fr\/2022\/wp-content\/uploads\/2026\/03\/chambre-lit-double-1536x1152.jpg 1536w, https:\/\/www.moulindelagassotte.fr\/2022\/wp-content\/uploads\/2026\/03\/chambre-lit-double-16x12.jpg 16w, https:\/\/www.moulindelagassotte.fr\/2022\/wp-content\/uploads\/2026\/03\/chambre-lit-double-540x405.jpg 540w, https:\/\/www.moulindelagassotte.fr\/2022\/wp-content\/uploads\/2026\/03\/chambre-lit-double-1080x810.jpg 1080w, https:\/\/www.moulindelagassotte.fr\/2022\/wp-content\/uploads\/2026\/03\/chambre-lit-double.jpg 1600w\" sizes=\"auto, (max-width: 300px) 100vw, 300px\" \/><\/figure>\n<\/figure>\n\n\n\n<p>Je hebt de mogelijkheid om het bed alleen in een gedeelde kamer te huren of de hele kamer te huren voor meer rust.<br>Dieren zijn niet toegestaan in het podiumhuis.<\/p>\n\n\n\n<p>Altijd op uw overloop, kunt u ook een keuken met een koelkast en alles wat je nodig hebt om op te warmen of te koken. Een ontspanningsruimte met een bank, tafels en stoelen zal u toelaten om te eten of te rusten.<\/p>\n\n\n\n<figure class=\"wp-block-gallery has-nested-images columns-2 is-cropped wp-block-gallery-2 is-layout-flex wp-block-gallery-is-layout-flex\">\n<figure class=\"wp-block-image size-full\"><a href=\"https:\/\/www.moulindelagassotte.fr\/2022\/wp-content\/uploads\/2018\/02\/lits-etape-cuisine.jpg\"><img loading=\"lazy\" decoding=\"async\" width=\"1024\" height=\"769\" data-id=\"1567\" src=\"https:\/\/www.moulindelagassotte.fr\/2022\/wp-content\/uploads\/2018\/02\/lits-etape-cuisine.jpg\" alt=\"\" class=\"wp-image-1567\" srcset=\"https:\/\/www.moulindelagassotte.fr\/2022\/wp-content\/uploads\/2018\/02\/lits-etape-cuisine.jpg 1024w, https:\/\/www.moulindelagassotte.fr\/2022\/wp-content\/uploads\/2018\/02\/lits-etape-cuisine-300x225.jpg 300w, https:\/\/www.moulindelagassotte.fr\/2022\/wp-content\/uploads\/2018\/02\/lits-etape-cuisine-768x577.jpg 768w\" sizes=\"auto, (max-width: 1024px) 100vw, 1024px\" \/><\/a><\/figure>\n\n\n\n<figure class=\"wp-block-image size-full\"><a href=\"https:\/\/www.moulindelagassotte.fr\/2022\/wp-content\/uploads\/2025\/06\/image3-2.jpeg\"><img loading=\"lazy\" decoding=\"async\" width=\"1920\" height=\"1440\" data-id=\"2951\" src=\"https:\/\/www.moulindelagassotte.fr\/2022\/wp-content\/uploads\/2025\/06\/image3-2.jpeg\" alt=\"\" class=\"wp-image-2951\" srcset=\"https:\/\/www.moulindelagassotte.fr\/2022\/wp-content\/uploads\/2025\/06\/image3-2.jpeg 1920w, https:\/\/www.moulindelagassotte.fr\/2022\/wp-content\/uploads\/2025\/06\/image3-2-300x225.jpeg 300w, https:\/\/www.moulindelagassotte.fr\/2022\/wp-content\/uploads\/2025\/06\/image3-2-1024x768.jpeg 1024w, https:\/\/www.moulindelagassotte.fr\/2022\/wp-content\/uploads\/2025\/06\/image3-2-768x576.jpeg 768w, https:\/\/www.moulindelagassotte.fr\/2022\/wp-content\/uploads\/2025\/06\/image3-2-50x38.jpeg 50w, https:\/\/www.moulindelagassotte.fr\/2022\/wp-content\/uploads\/2025\/06\/image3-2-1600x1200.jpeg 1600w, https:\/\/www.moulindelagassotte.fr\/2022\/wp-content\/uploads\/2025\/06\/image3-2-1536x1152.jpeg 1536w, https:\/\/www.moulindelagassotte.fr\/2022\/wp-content\/uploads\/2025\/06\/image3-2-16x12.jpeg 16w, https:\/\/www.moulindelagassotte.fr\/2022\/wp-content\/uploads\/2025\/06\/image3-2-540x405.jpeg 540w, https:\/\/www.moulindelagassotte.fr\/2022\/wp-content\/uploads\/2025\/06\/image3-2-1080x810.jpeg 1080w\" sizes=\"auto, (max-width: 1920px) 100vw, 1920px\" \/><\/a><\/figure>\n\n\n\n<figure class=\"wp-block-image size-full\"><a href=\"https:\/\/www.moulindelagassotte.fr\/2022\/wp-content\/uploads\/2025\/06\/image1-2-1.jpeg\"><img loading=\"lazy\" decoding=\"async\" width=\"640\" height=\"480\" data-id=\"2954\" src=\"https:\/\/www.moulindelagassotte.fr\/2022\/wp-content\/uploads\/2025\/06\/image1-2-1.jpeg\" alt=\"\" class=\"wp-image-2954\" srcset=\"https:\/\/www.moulindelagassotte.fr\/2022\/wp-content\/uploads\/2025\/06\/image1-2-1.jpeg 640w, https:\/\/www.moulindelagassotte.fr\/2022\/wp-content\/uploads\/2025\/06\/image1-2-1-300x225.jpeg 300w, https:\/\/www.moulindelagassotte.fr\/2022\/wp-content\/uploads\/2025\/06\/image1-2-1-50x38.jpeg 50w, https:\/\/www.moulindelagassotte.fr\/2022\/wp-content\/uploads\/2025\/06\/image1-2-1-16x12.jpeg 16w, https:\/\/www.moulindelagassotte.fr\/2022\/wp-content\/uploads\/2025\/06\/image1-2-1-540x405.jpeg 540w\" sizes=\"auto, (max-width: 640px) 100vw, 640px\" \/><\/a><\/figure>\n<\/figure>\n\n\n\n<p>Het is ook mogelijk om de molen in zijn geheel te huren. Om de verschillende mogelijkheden te kennen, raadpleegt u de pagina <a href=\"https:\/\/www.moulindelagassotte.fr\/nl\/logement-pour-les-groups\/\" type=\"page\" id=\"2965\">Accommodatie van pins<\/a><\/p>\n\n\n\n<div class=\"wp-block-buttons is-layout-flex wp-block-buttons-is-layout-flex\">\n<div class=\"wp-block-button\"><a class=\"wp-block-button__link wp-element-button\" href=\"https:\/\/www.moulindelagassotte.fr\/nl\/tarifs\/#giteetape\">Tarieven<\/a><\/div>\n\n\n\n<div class=\"wp-block-button has-custom-width wp-block-button__width-75\"><a class=\"wp-block-button__link wp-element-button\" href=\"https:\/\/www.moulindelagassotte.fr\/nl\/reserver-un-lit\/\">BOEK EEN LIT<\/a><\/div>\n<\/div>\n<\/div><\/div>\n<\/div>\n\n\n\n<div class=\"wp-block-column is-layout-flow wp-block-column-is-layout-flow\" style=\"flex-basis:33.33%\">\n<div class=\"wp-block-group has-central-palette-7-background-color has-background\"><div class=\"wp-block-group__inner-container is-layout-flow wp-block-group-is-layout-flow\">\n<h4 class=\"wp-block-heading\">De camping<\/h4>\n\n\n\n<ul class=\"wp-block-list\">\n<li><a href=\"https:\/\/www.moulindelagassotte.fr\/nl\/les-emplacements\/\" data-type=\"page\" data-id=\"2125\">Locaties<\/a><\/li>\n\n\n\n<li><a href=\"https:\/\/www.moulindelagassotte.fr\/nl\/lodges\/\" data-type=\"page\" data-id=\"2127\">De lodges<\/a><\/li>\n<\/ul>\n\n\n\n<h4 class=\"wp-block-heading\">De G\u00eetes<\/h4>\n\n\n\n<ul class=\"wp-block-list\">\n<li><a href=\"https:\/\/www.moulindelagassotte.fr\/nl\/les-gistes-de-moulin-de-la-gassotte-saint-savin\/\">De huisjes<\/a><\/li>\n\n\n\n<li><a href=\"https:\/\/www.moulindelagassotte.fr\/nl\/le-gite-detape\/\" data-type=\"page\" data-id=\"2131\">De g\u00eete d\u2019\u00e9tape<\/a><\/li>\n\n\n\n<li><a href=\"https:\/\/www.moulindelagassotte.fr\/nl\/logement-pour-les-groups\/\">Groepsaccommodatie<\/a><\/li>\n<\/ul>\n\n\n\n<h4 class=\"wp-block-heading\">Praktische informatie<\/h4>\n\n\n\n<ul class=\"wp-block-list\">\n<li><a href=\"https:\/\/www.moulindelagassotte.fr\/nl\/situation\/\">Situatie<\/a><\/li>\n\n\n\n<li><a href=\"https:\/\/www.moulindelagassotte.fr\/nl\/plan-du-camping\/\">Kaart van de camping<\/a><\/li>\n\n\n\n<li><a href=\"https:\/\/www.moulindelagassotte.fr\/nl\/location-de-salle\/\">Gemeenschappelijke ruimte<\/a><\/li>\n\n\n\n<li><a href=\"https:\/\/www.moulindelagassotte.fr\/nl\/contact-et-reservation\/\">Contact<\/a><\/li>\n\n\n\n<li><a href=\"https:\/\/www.moulindelagassotte.fr\/nl\/tarifs\/\">Tarieven<\/a><\/li>\n\n\n\n<li><a href=\"https:\/\/www.moulindelagassotte.fr\/nl\/reservation\/\">Voorbehoud<\/a><\/li>\n<\/ul>\n<\/div><\/div>\n<\/div>\n<\/div>","protected":false},"excerpt":{"rendered":"<p>Une \u00ab&nbsp;pause reposante&nbsp;\u00bb dans de vrais lits pour repartir vers de nouvelles aventures. Au moulin, le deuxi\u00e8me \u00e9tage est \u00e0 votre disposition. Cet espace de 100 m\u00b2 comprend&hellip;<\/p>","protected":false},"author":2,"featured_media":0,"parent":0,"menu_order":0,"comment_status":"closed","ping_status":"closed","template":"template-full-width-cover.php","meta":{"footnotes":""},"class_list":["post-2131","page","type-page","status-publish","has-post-thumbnail","hentry"],"yoast_head":"<!-- This site is optimized with the Yoast SEO plugin v27.5 - https:\/\/yoast.com\/product\/yoast-seo-wordpress\/ -->\n<title>Le G\u00eete d&#039;\u00e9tape - Le Moulin de la Gassotte<\/title>\n<meta name=\"robots\" content=\"index, follow, max-snippet:-1, max-image-preview:large, max-video-preview:-1\" \/>\n<link rel=\"canonical\" href=\"https:\/\/www.moulindelagassotte.fr\/nl\/le-gite-detape\/\" \/>\n<meta property=\"og:locale\" content=\"nl_NL\" \/>\n<meta property=\"og:type\" content=\"article\" \/>\n<meta property=\"og:title\" content=\"Le G\u00eete d&#039;\u00e9tape - Le Moulin de la Gassotte\" \/>\n<meta property=\"og:description\" content=\"Une \u00ab&nbsp;pause reposante&nbsp;\u00bb dans de vrais lits pour repartir vers de nouvelles aventures. Au moulin, le deuxi\u00e8me \u00e9tage est \u00e0 votre disposition. Cet espace de 100 m\u00b2 comprend&hellip;\" \/>\n<meta property=\"og:url\" content=\"https:\/\/www.moulindelagassotte.fr\/nl\/le-gite-detape\/\" \/>\n<meta property=\"og:site_name\" content=\"Le Moulin de la Gassotte\" \/>\n<meta property=\"article:modified_time\" content=\"2026-03-30T09:12:13+00:00\" \/>\n<meta property=\"og:image\" content=\"https:\/\/www.moulindelagassotte.fr\/2022\/wp-content\/uploads\/2018\/02\/grande-salle-2e-etage.jpg\" \/>\n\t<meta property=\"og:image:width\" content=\"1000\" \/>\n\t<meta property=\"og:image:height\" content=\"675\" \/>\n\t<meta property=\"og:image:type\" content=\"image\/jpeg\" \/>\n<meta name=\"twitter:card\" content=\"summary_large_image\" \/>\n<meta name=\"twitter:label1\" content=\"Geschatte leestijd\" \/>\n\t<meta name=\"twitter:data1\" content=\"5 minuten\" \/>\n<script type=\"application\/ld+json\" class=\"yoast-schema-graph\">{\"@context\":\"https:\\\/\\\/schema.org\",\"@graph\":[{\"@type\":\"WebPage\",\"@id\":\"https:\\\/\\\/www.moulindelagassotte.fr\\\/le-gite-detape\\\/\",\"url\":\"https:\\\/\\\/www.moulindelagassotte.fr\\\/le-gite-detape\\\/\",\"name\":\"Le G\u00eete d'\u00e9tape - Le Moulin de la Gassotte\",\"isPartOf\":{\"@id\":\"https:\\\/\\\/www.moulindelagassotte.fr\\\/#website\"},\"primaryImageOfPage\":{\"@id\":\"https:\\\/\\\/www.moulindelagassotte.fr\\\/le-gite-detape\\\/#primaryimage\"},\"image\":{\"@id\":\"https:\\\/\\\/www.moulindelagassotte.fr\\\/le-gite-detape\\\/#primaryimage\"},\"thumbnailUrl\":\"https:\\\/\\\/www.moulindelagassotte.fr\\\/2022\\\/wp-content\\\/uploads\\\/2018\\\/02\\\/grande-salle-2e-etage.jpg\",\"datePublished\":\"2022-03-17T11:06:30+00:00\",\"dateModified\":\"2026-03-30T09:12:13+00:00\",\"breadcrumb\":{\"@id\":\"https:\\\/\\\/www.moulindelagassotte.fr\\\/le-gite-detape\\\/#breadcrumb\"},\"inLanguage\":\"nl-NL\",\"potentialAction\":[{\"@type\":\"ReadAction\",\"target\":[\"https:\\\/\\\/www.moulindelagassotte.fr\\\/le-gite-detape\\\/\"]}]},{\"@type\":\"ImageObject\",\"inLanguage\":\"nl-NL\",\"@id\":\"https:\\\/\\\/www.moulindelagassotte.fr\\\/le-gite-detape\\\/#primaryimage\",\"url\":\"https:\\\/\\\/www.moulindelagassotte.fr\\\/2022\\\/wp-content\\\/uploads\\\/2018\\\/02\\\/grande-salle-2e-etage.jpg\",\"contentUrl\":\"https:\\\/\\\/www.moulindelagassotte.fr\\\/2022\\\/wp-content\\\/uploads\\\/2018\\\/02\\\/grande-salle-2e-etage.jpg\"},{\"@type\":\"BreadcrumbList\",\"@id\":\"https:\\\/\\\/www.moulindelagassotte.fr\\\/le-gite-detape\\\/#breadcrumb\",\"itemListElement\":[{\"@type\":\"ListItem\",\"position\":1,\"name\":\"Accueil\",\"item\":\"https:\\\/\\\/www.moulindelagassotte.fr\\\/\"},{\"@type\":\"ListItem\",\"position\":2,\"name\":\"Le G\u00eete d&rsquo;\u00e9tape\"}]},{\"@type\":\"WebSite\",\"@id\":\"https:\\\/\\\/www.moulindelagassotte.fr\\\/#website\",\"url\":\"https:\\\/\\\/www.moulindelagassotte.fr\\\/\",\"name\":\"Le Moulin de la Gassotte\",\"description\":\"Camping - G\u00eetes - G\u00eete d&#039;\u00c9tape \u00e0 Saint-Savin (86)\",\"publisher\":{\"@id\":\"https:\\\/\\\/www.moulindelagassotte.fr\\\/#organization\"},\"potentialAction\":[{\"@type\":\"SearchAction\",\"target\":{\"@type\":\"EntryPoint\",\"urlTemplate\":\"https:\\\/\\\/www.moulindelagassotte.fr\\\/?s={search_term_string}\"},\"query-input\":{\"@type\":\"PropertyValueSpecification\",\"valueRequired\":true,\"valueName\":\"search_term_string\"}}],\"inLanguage\":\"nl-NL\"},{\"@type\":\"Organization\",\"@id\":\"https:\\\/\\\/www.moulindelagassotte.fr\\\/#organization\",\"name\":\"Le Moulin de la Gassotte\",\"url\":\"https:\\\/\\\/www.moulindelagassotte.fr\\\/\",\"logo\":{\"@type\":\"ImageObject\",\"inLanguage\":\"nl-NL\",\"@id\":\"https:\\\/\\\/www.moulindelagassotte.fr\\\/#\\\/schema\\\/logo\\\/image\\\/\",\"url\":\"https:\\\/\\\/www.moulindelagassotte.fr\\\/2022\\\/wp-content\\\/uploads\\\/2022\\\/04\\\/logo-gassotte-gris.png\",\"contentUrl\":\"https:\\\/\\\/www.moulindelagassotte.fr\\\/2022\\\/wp-content\\\/uploads\\\/2022\\\/04\\\/logo-gassotte-gris.png\",\"width\":300,\"height\":112,\"caption\":\"Le Moulin de la Gassotte\"},\"image\":{\"@id\":\"https:\\\/\\\/www.moulindelagassotte.fr\\\/#\\\/schema\\\/logo\\\/image\\\/\"}}]}<\/script>\n<!-- \/ Yoast SEO plugin. -->","yoast_head_json":{"title":"Le G\u00eete d'\u00e9tape - Le Moulin de la Gassotte","robots":{"index":"index","follow":"follow","max-snippet":"max-snippet:-1","max-image-preview":"max-image-preview:large","max-video-preview":"max-video-preview:-1"},"canonical":"https:\/\/www.moulindelagassotte.fr\/nl\/le-gite-detape\/","og_locale":"nl_NL","og_type":"article","og_title":"Le G\u00eete d'\u00e9tape - Le Moulin de la Gassotte","og_description":"Une \u00ab&nbsp;pause reposante&nbsp;\u00bb dans de vrais lits pour repartir vers de nouvelles aventures. Au moulin, le deuxi\u00e8me \u00e9tage est \u00e0 votre disposition. Cet espace de 100 m\u00b2 comprend&hellip;","og_url":"https:\/\/www.moulindelagassotte.fr\/nl\/le-gite-detape\/","og_site_name":"Le Moulin de la Gassotte","article_modified_time":"2026-03-30T09:12:13+00:00","og_image":[{"width":1000,"height":675,"url":"https:\/\/www.moulindelagassotte.fr\/2022\/wp-content\/uploads\/2018\/02\/grande-salle-2e-etage.jpg","type":"image\/jpeg"}],"twitter_card":"summary_large_image","twitter_misc":{"Geschatte leestijd":"5 minuten"},"schema":{"@context":"https:\/\/schema.org","@graph":[{"@type":"WebPage","@id":"https:\/\/www.moulindelagassotte.fr\/le-gite-detape\/","url":"https:\/\/www.moulindelagassotte.fr\/le-gite-detape\/","name":"Le G\u00eete d'\u00e9tape - Le Moulin de la Gassotte","isPartOf":{"@id":"https:\/\/www.moulindelagassotte.fr\/#website"},"primaryImageOfPage":{"@id":"https:\/\/www.moulindelagassotte.fr\/le-gite-detape\/#primaryimage"},"image":{"@id":"https:\/\/www.moulindelagassotte.fr\/le-gite-detape\/#primaryimage"},"thumbnailUrl":"https:\/\/www.moulindelagassotte.fr\/2022\/wp-content\/uploads\/2018\/02\/grande-salle-2e-etage.jpg","datePublished":"2022-03-17T11:06:30+00:00","dateModified":"2026-03-30T09:12:13+00:00","breadcrumb":{"@id":"https:\/\/www.moulindelagassotte.fr\/le-gite-detape\/#breadcrumb"},"inLanguage":"nl-NL","potentialAction":[{"@type":"ReadAction","target":["https:\/\/www.moulindelagassotte.fr\/le-gite-detape\/"]}]},{"@type":"ImageObject","inLanguage":"nl-NL","@id":"https:\/\/www.moulindelagassotte.fr\/le-gite-detape\/#primaryimage","url":"https:\/\/www.moulindelagassotte.fr\/2022\/wp-content\/uploads\/2018\/02\/grande-salle-2e-etage.jpg","contentUrl":"https:\/\/www.moulindelagassotte.fr\/2022\/wp-content\/uploads\/2018\/02\/grande-salle-2e-etage.jpg"},{"@type":"BreadcrumbList","@id":"https:\/\/www.moulindelagassotte.fr\/le-gite-detape\/#breadcrumb","itemListElement":[{"@type":"ListItem","position":1,"name":"Accueil","item":"https:\/\/www.moulindelagassotte.fr\/"},{"@type":"ListItem","position":2,"name":"Le G\u00eete d&rsquo;\u00e9tape"}]},{"@type":"WebSite","@id":"https:\/\/www.moulindelagassotte.fr\/#website","url":"https:\/\/www.moulindelagassotte.fr\/","name":"Le Moulin de la Gassotte","description":"Camping - G\u00eetes - G\u00eete d&#039;\u00c9tape \u00e0 Saint-Savin (86)","publisher":{"@id":"https:\/\/www.moulindelagassotte.fr\/#organization"},"potentialAction":[{"@type":"SearchAction","target":{"@type":"EntryPoint","urlTemplate":"https:\/\/www.moulindelagassotte.fr\/?s={search_term_string}"},"query-input":{"@type":"PropertyValueSpecification","valueRequired":true,"valueName":"search_term_string"}}],"inLanguage":"nl-NL"},{"@type":"Organization","@id":"https:\/\/www.moulindelagassotte.fr\/#organization","name":"Le Moulin de la Gassotte","url":"https:\/\/www.moulindelagassotte.fr\/","logo":{"@type":"ImageObject","inLanguage":"nl-NL","@id":"https:\/\/www.moulindelagassotte.fr\/#\/schema\/logo\/image\/","url":"https:\/\/www.moulindelagassotte.fr\/2022\/wp-content\/uploads\/2022\/04\/logo-gassotte-gris.png","contentUrl":"https:\/\/www.moulindelagassotte.fr\/2022\/wp-content\/uploads\/2022\/04\/logo-gassotte-gris.png","width":300,"height":112,"caption":"Le Moulin de la Gassotte"},"image":{"@id":"https:\/\/www.moulindelagassotte.fr\/#\/schema\/logo\/image\/"}}]}},"_links":{"self":[{"href":"https:\/\/www.moulindelagassotte.fr\/nl\/wp-json\/wp\/v2\/pages\/2131","targetHints":{"allow":["GET"]}}],"collection":[{"href":"https:\/\/www.moulindelagassotte.fr\/nl\/wp-json\/wp\/v2\/pages"}],"about":[{"href":"https:\/\/www.moulindelagassotte.fr\/nl\/wp-json\/wp\/v2\/types\/page"}],"author":[{"embeddable":true,"href":"https:\/\/www.moulindelagassotte.fr\/nl\/wp-json\/wp\/v2\/users\/2"}],"replies":[{"embeddable":true,"href":"https:\/\/www.moulindelagassotte.fr\/nl\/wp-json\/wp\/v2\/comments?post=2131"}],"version-history":[{"count":20,"href":"https:\/\/www.moulindelagassotte.fr\/nl\/wp-json\/wp\/v2\/pages\/2131\/revisions"}],"predecessor-version":[{"id":3361,"href":"https:\/\/www.moulindelagassotte.fr\/nl\/wp-json\/wp\/v2\/pages\/2131\/revisions\/3361"}],"wp:attachment":[{"href":"https:\/\/www.moulindelagassotte.fr\/nl\/wp-json\/wp\/v2\/media?parent=2131"}],"curies":[{"name":"wp","href":"https:\/\/api.w.org\/{rel}","templated":true}]}}