{"id":2147,"date":"2022-03-17T12:15:11","date_gmt":"2022-03-17T11:15:11","guid":{"rendered":"https:\/\/www.moulindelagassotte.fr\/2022\/?page_id=2147"},"modified":"2025-10-07T17:49:09","modified_gmt":"2025-10-07T15:49:09","slug":"location-de-salle","status":"publish","type":"page","link":"https:\/\/www.moulindelagassotte.fr\/de\/location-de-salle\/","title":{"rendered":"Gemeinschaftsraum"},"content":{"rendered":"<div class=\"wp-block-cover alignfull\" style=\"min-height:500px;aspect-ratio:unset;\"><img loading=\"lazy\" decoding=\"async\" width=\"640\" height=\"481\" class=\"wp-block-cover__image-background wp-image-3232 size-full\" alt=\"\" src=\"https:\/\/www.moulindelagassotte.fr\/2022\/wp-content\/uploads\/2025\/10\/salle2.jpg\" data-object-fit=\"cover\" srcset=\"https:\/\/www.moulindelagassotte.fr\/2022\/wp-content\/uploads\/2025\/10\/salle2.jpg 640w, https:\/\/www.moulindelagassotte.fr\/2022\/wp-content\/uploads\/2025\/10\/salle2-300x225.jpg 300w, https:\/\/www.moulindelagassotte.fr\/2022\/wp-content\/uploads\/2025\/10\/salle2-50x38.jpg 50w, https:\/\/www.moulindelagassotte.fr\/2022\/wp-content\/uploads\/2025\/10\/salle2-16x12.jpg 16w, https:\/\/www.moulindelagassotte.fr\/2022\/wp-content\/uploads\/2025\/10\/salle2-540x406.jpg 540w\" sizes=\"auto, (max-width: 640px) 100vw, 640px\" \/><span aria-hidden=\"true\" class=\"wp-block-cover__background has-background-dim-40 has-background-dim\" style=\"background-color:#826d5e\"><\/span><div class=\"wp-block-cover__inner-container is-layout-flow wp-block-cover-is-layout-flow\">\n<div style=\"height:60px\" aria-hidden=\"true\" class=\"wp-block-spacer\"><\/div>\n\n\n\n<h2 class=\"wp-block-heading has-text-align-center has-central-palette-6-color has-text-color\">Mehrzweckraum<\/h2>\n\n\n\n<p class=\"has-text-align-center monter25 has-central-palette-6-color has-text-color has-large-font-size\">Ideal f\u00fcr Kurse, Workshops oder Meetings<\/p>\n\n\n\n<p class=\"has-text-align-center\">(Mit Unterkunft f\u00fcr mehrere Tage)<\/p>\n<\/div><\/div>\n\n\n\n<div class=\"wp-block-columns alignwide is-layout-flex wp-container-core-columns-is-layout-9d6595d7 wp-block-columns-is-layout-flex\">\n<div class=\"wp-block-column is-layout-flow wp-block-column-is-layout-flow\" style=\"flex-basis:66.66%\">\n<div class=\"wp-block-group\"><div class=\"wp-block-group__inner-container is-layout-flow wp-block-group-is-layout-flow\">\n<p class=\"has-large-font-size\">Dieser Mehrzweckraum ist f\u00fcr verschiedene Zwecke verf\u00fcgbar, einschlie\u00dflich Partys au\u00dferhalb der Campingsaison. Sie haben die M\u00f6glichkeit, die gesamte M\u00fchle als gro\u00dfes Ferienhaus zu mieten. ideal f\u00fcr Kurse, Workshops oder mehrt\u00e4gige Retreats<\/p>\n\n\n\n<p>Der Raum befindet sich im ersten Stock der M\u00fchle und verf\u00fcgt \u00fcber eine eigene K\u00fcche und Toilette.<\/p>\n\n\n\n<figure class=\"wp-block-gallery has-nested-images columns-default is-cropped wp-block-gallery-1 is-layout-flex wp-block-gallery-is-layout-flex\">\n<figure class=\"wp-block-image size-full\"><a href=\"https:\/\/www.moulindelagassotte.fr\/2022\/wp-content\/uploads\/2025\/10\/image1-6.jpeg\"><img loading=\"lazy\" decoding=\"async\" width=\"640\" height=\"480\" data-id=\"3233\" src=\"https:\/\/www.moulindelagassotte.fr\/2022\/wp-content\/uploads\/2025\/10\/image1-6.jpeg\" alt=\"\" class=\"wp-image-3233\" srcset=\"https:\/\/www.moulindelagassotte.fr\/2022\/wp-content\/uploads\/2025\/10\/image1-6.jpeg 640w, https:\/\/www.moulindelagassotte.fr\/2022\/wp-content\/uploads\/2025\/10\/image1-6-300x225.jpeg 300w, https:\/\/www.moulindelagassotte.fr\/2022\/wp-content\/uploads\/2025\/10\/image1-6-50x38.jpeg 50w, https:\/\/www.moulindelagassotte.fr\/2022\/wp-content\/uploads\/2025\/10\/image1-6-16x12.jpeg 16w, https:\/\/www.moulindelagassotte.fr\/2022\/wp-content\/uploads\/2025\/10\/image1-6-540x405.jpeg 540w\" sizes=\"auto, (max-width: 640px) 100vw, 640px\" \/><\/a><\/figure>\n\n\n\n<figure class=\"wp-block-image size-full\"><a href=\"https:\/\/www.moulindelagassotte.fr\/2022\/wp-content\/uploads\/2025\/10\/img-6954-1-1.jpg\"><img loading=\"lazy\" decoding=\"async\" width=\"640\" height=\"480\" data-id=\"3242\" src=\"https:\/\/www.moulindelagassotte.fr\/2022\/wp-content\/uploads\/2025\/10\/img-6954-1-1.jpg\" alt=\"\" class=\"wp-image-3242\" srcset=\"https:\/\/www.moulindelagassotte.fr\/2022\/wp-content\/uploads\/2025\/10\/img-6954-1-1.jpg 640w, https:\/\/www.moulindelagassotte.fr\/2022\/wp-content\/uploads\/2025\/10\/img-6954-1-1-300x225.jpg 300w, https:\/\/www.moulindelagassotte.fr\/2022\/wp-content\/uploads\/2025\/10\/img-6954-1-1-50x38.jpg 50w, https:\/\/www.moulindelagassotte.fr\/2022\/wp-content\/uploads\/2025\/10\/img-6954-1-1-16x12.jpg 16w, https:\/\/www.moulindelagassotte.fr\/2022\/wp-content\/uploads\/2025\/10\/img-6954-1-1-540x405.jpg 540w\" sizes=\"auto, (max-width: 640px) 100vw, 640px\" \/><\/a><\/figure>\n<\/figure>\n\n\n\n<p>Der Gro\u00dfe Saal befindet sich im 1. Stock der M\u00fchle. Es ist mit Tischen und St\u00fchlen f\u00fcr 50 Personen ausgestattet.<\/p>\n\n\n\n<figure class=\"wp-block-image size-full\"><img loading=\"lazy\" decoding=\"async\" width=\"480\" height=\"640\" src=\"https:\/\/www.moulindelagassotte.fr\/2022\/wp-content\/uploads\/2025\/10\/img-6921.jpg\" alt=\"\" class=\"wp-image-3240\" srcset=\"https:\/\/www.moulindelagassotte.fr\/2022\/wp-content\/uploads\/2025\/10\/img-6921.jpg 480w, https:\/\/www.moulindelagassotte.fr\/2022\/wp-content\/uploads\/2025\/10\/img-6921-225x300.jpg 225w, https:\/\/www.moulindelagassotte.fr\/2022\/wp-content\/uploads\/2025\/10\/img-6921-50x67.jpg 50w, https:\/\/www.moulindelagassotte.fr\/2022\/wp-content\/uploads\/2025\/10\/img-6921-9x12.jpg 9w\" sizes=\"auto, (max-width: 480px) 100vw, 480px\" \/><\/figure>\n\n\n\n<p>Der Saal kann auch f\u00fcr Partys, Tagungen und Empf\u00e4nge genutzt werden.<\/p>\n\n\n\n<figure class=\"wp-block-image size-full\"><img loading=\"lazy\" decoding=\"async\" width=\"1000\" height=\"675\" src=\"https:\/\/www.moulindelagassotte.fr\/2022\/wp-content\/uploads\/2018\/02\/grande-salle-2e-etage.jpg\" alt=\"Im 2. Stock der M\u00fchle\" class=\"wp-image-1419\" srcset=\"https:\/\/www.moulindelagassotte.fr\/2022\/wp-content\/uploads\/2018\/02\/grande-salle-2e-etage.jpg 1000w, https:\/\/www.moulindelagassotte.fr\/2022\/wp-content\/uploads\/2018\/02\/grande-salle-2e-etage-300x203.jpg 300w, https:\/\/www.moulindelagassotte.fr\/2022\/wp-content\/uploads\/2018\/02\/grande-salle-2e-etage-768x518.jpg 768w\" sizes=\"auto, (max-width: 1000px) 100vw, 1000px\" \/><\/figure>\n\n\n\n<p>Der Saal ist bis zum Abend sonnig.<\/p>\n\n\n\n<figure class=\"wp-block-image size-full\"><img loading=\"lazy\" decoding=\"async\" width=\"1000\" height=\"675\" src=\"https:\/\/www.moulindelagassotte.fr\/2022\/wp-content\/uploads\/2018\/02\/roue-du-moulin.jpg\" alt=\"Blick auf die Gartempe\" class=\"wp-image-1420\" srcset=\"https:\/\/www.moulindelagassotte.fr\/2022\/wp-content\/uploads\/2018\/02\/roue-du-moulin.jpg 1000w, https:\/\/www.moulindelagassotte.fr\/2022\/wp-content\/uploads\/2018\/02\/roue-du-moulin-300x203.jpg 300w, https:\/\/www.moulindelagassotte.fr\/2022\/wp-content\/uploads\/2018\/02\/roue-du-moulin-768x518.jpg 768w\" sizes=\"auto, (max-width: 1000px) 100vw, 1000px\" \/><\/figure>\n\n\n\n<p>Vom Zimmer aus haben Sie einen Blick auf die Gartempe und das M\u00fchlenrad.<\/p>\n\n\n\n<figure class=\"wp-block-image size-full\"><img decoding=\"async\" src=\"https:\/\/www.moulindelagassotte.fr\/2022\/wp-content\/uploads\/2018\/02\/escalier-ext.jpg\" alt=\"\" class=\"wp-image-1426\"\/><\/figure>\n\n\n\n<p>Sie haben die M\u00f6glichkeit, die gesamte M\u00fchle (G\u00eetes und Mehrzweckraum) zu mieten.Schlafkapazit\u00e4t f\u00fcr 10 Personen, Geschirr, Tisch und St\u00fchle f\u00fcr 50 Personen. Wenn Ihre Gruppe mehr als 10 Personen hat, k\u00f6nnen Sie auch unsere anderen Unterk\u00fcnfte mieten.<\/p>\n\n\n\n<p>Informationen und <a href=\"https:\/\/www.moulindelagassotte.fr\/de\/2022\/tarifs\/\" data-type=\"page\" data-id=\"2149\">Preise<\/a> am Empfang des Campingplatzes.<\/p>\n<\/div><\/div>\n<\/div>\n\n\n\n<div class=\"wp-block-column is-layout-flow wp-block-column-is-layout-flow\" style=\"flex-basis:33.33%\">\n<div class=\"wp-block-group has-central-palette-7-background-color has-background\"><div class=\"wp-block-group__inner-container is-layout-flow wp-block-group-is-layout-flow\">\n<h4 class=\"wp-block-heading\">Der Campingplatz<\/h4>\n\n\n\n<ul class=\"wp-block-list\">\n<li><a href=\"https:\/\/www.moulindelagassotte.fr\/de\/les-emplacements\/\" data-type=\"page\" data-id=\"2125\">Standorte<\/a><\/li>\n\n\n\n<li><a href=\"https:\/\/www.moulindelagassotte.fr\/de\/lodges\/\" data-type=\"page\" data-id=\"2127\">Die Lodges<\/a><\/li>\n<\/ul>\n\n\n\n<h4 class=\"wp-block-heading\">Die H\u00fctten<\/h4>\n\n\n\n<ul class=\"wp-block-list\">\n<li><a href=\"https:\/\/www.moulindelagassotte.fr\/de\/les-gistes-de-moulin-de-la-gassotte-saint-savin\/\">Die G\u00eetes<\/a><\/li>\n\n\n\n<li><a href=\"https:\/\/www.moulindelagassotte.fr\/de\/le-gite-detape\/\" data-type=\"page\" data-id=\"2131\">Die Etappenunterkunft<\/a><\/li>\n\n\n\n<li><a href=\"https:\/\/www.moulindelagassotte.fr\/de\/logement-pour-les-groups\/\">Gruppenunterkunft<\/a><\/li>\n<\/ul>\n\n\n\n<h4 class=\"wp-block-heading\">Praktische Informationen<\/h4>\n\n\n\n<ul class=\"wp-block-list\">\n<li><a href=\"https:\/\/www.moulindelagassotte.fr\/de\/situation\/\">Stand der Dinge<\/a><\/li>\n\n\n\n<li><a href=\"https:\/\/www.moulindelagassotte.fr\/de\/plan-du-camping\/\">Lageplan des Campingplatzes<\/a><\/li>\n\n\n\n<li><a href=\"https:\/\/www.moulindelagassotte.fr\/de\/location-de-salle\/\">Gemeinschaftsraum<\/a><\/li>\n\n\n\n<li><a href=\"https:\/\/www.moulindelagassotte.fr\/de\/contact-et-reservation\/\">Kontakt<\/a><\/li>\n\n\n\n<li><a href=\"https:\/\/www.moulindelagassotte.fr\/de\/tarifs\/\">Preise<\/a><\/li>\n\n\n\n<li><a href=\"https:\/\/www.moulindelagassotte.fr\/de\/reservation\/\">Reservierung<\/a><\/li>\n<\/ul>\n<\/div><\/div>\n<\/div>\n<\/div>","protected":false},"excerpt":{"rendered":"<p>Dieser Mehrzweckraum ist f\u00fcr verschiedene Zwecke verf\u00fcgbar, einschlie\u00dflich Partys au\u00dferhalb der Campingsaison. Sie haben die M\u00f6glichkeit, das gesamte Geb\u00e4ude zu mieten ...<\/p>","protected":false},"author":2,"featured_media":0,"parent":0,"menu_order":0,"comment_status":"closed","ping_status":"closed","template":"template-full-width-cover.php","meta":{"footnotes":""},"class_list":["post-2147","page","type-page","status-publish","has-post-thumbnail","hentry"],"yoast_head":"<!-- This site is optimized with the Yoast SEO plugin v27.5 - https:\/\/yoast.com\/product\/yoast-seo-wordpress\/ -->\n<title>Salle Commune - Le Moulin de la Gassotte<\/title>\n<meta name=\"robots\" content=\"index, follow, max-snippet:-1, max-image-preview:large, max-video-preview:-1\" \/>\n<link rel=\"canonical\" href=\"https:\/\/www.moulindelagassotte.fr\/de\/location-de-salle\/\" \/>\n<meta property=\"og:locale\" content=\"de_DE\" \/>\n<meta property=\"og:type\" content=\"article\" \/>\n<meta property=\"og:title\" content=\"Salle Commune - Le Moulin de la Gassotte\" \/>\n<meta property=\"og:description\" content=\"Cette salle polyvalente est disponible \u00e0 des fins diverses, y compris pour des f\u00eates en dehors de la saison de camping. Vous avez la possibilit\u00e9 de louer l\u2019ensemble&hellip;\" \/>\n<meta property=\"og:url\" content=\"https:\/\/www.moulindelagassotte.fr\/de\/location-de-salle\/\" \/>\n<meta property=\"og:site_name\" content=\"Le Moulin de la Gassotte\" \/>\n<meta property=\"article:modified_time\" content=\"2025-10-07T15:49:09+00:00\" \/>\n<meta property=\"og:image\" content=\"https:\/\/www.moulindelagassotte.fr\/2022\/wp-content\/uploads\/2025\/10\/salle2.jpg\" \/>\n\t<meta property=\"og:image:width\" content=\"640\" \/>\n\t<meta property=\"og:image:height\" content=\"481\" \/>\n\t<meta property=\"og:image:type\" content=\"image\/jpeg\" \/>\n<meta name=\"twitter:card\" content=\"summary_large_image\" \/>\n<meta name=\"twitter:label1\" content=\"Gesch\u00e4tzte Lesezeit\" \/>\n\t<meta name=\"twitter:data1\" content=\"5\u00a0Minuten\" \/>\n<script type=\"application\/ld+json\" class=\"yoast-schema-graph\">{\"@context\":\"https:\\\/\\\/schema.org\",\"@graph\":[{\"@type\":\"WebPage\",\"@id\":\"https:\\\/\\\/www.moulindelagassotte.fr\\\/location-de-salle\\\/\",\"url\":\"https:\\\/\\\/www.moulindelagassotte.fr\\\/location-de-salle\\\/\",\"name\":\"Salle Commune - Le Moulin de la Gassotte\",\"isPartOf\":{\"@id\":\"https:\\\/\\\/www.moulindelagassotte.fr\\\/#website\"},\"primaryImageOfPage\":{\"@id\":\"https:\\\/\\\/www.moulindelagassotte.fr\\\/location-de-salle\\\/#primaryimage\"},\"image\":{\"@id\":\"https:\\\/\\\/www.moulindelagassotte.fr\\\/location-de-salle\\\/#primaryimage\"},\"thumbnailUrl\":\"https:\\\/\\\/www.moulindelagassotte.fr\\\/2022\\\/wp-content\\\/uploads\\\/2025\\\/10\\\/salle2.jpg\",\"datePublished\":\"2022-03-17T11:15:11+00:00\",\"dateModified\":\"2025-10-07T15:49:09+00:00\",\"breadcrumb\":{\"@id\":\"https:\\\/\\\/www.moulindelagassotte.fr\\\/location-de-salle\\\/#breadcrumb\"},\"inLanguage\":\"de\",\"potentialAction\":[{\"@type\":\"ReadAction\",\"target\":[\"https:\\\/\\\/www.moulindelagassotte.fr\\\/location-de-salle\\\/\"]}]},{\"@type\":\"ImageObject\",\"inLanguage\":\"de\",\"@id\":\"https:\\\/\\\/www.moulindelagassotte.fr\\\/location-de-salle\\\/#primaryimage\",\"url\":\"https:\\\/\\\/www.moulindelagassotte.fr\\\/2022\\\/wp-content\\\/uploads\\\/2025\\\/10\\\/salle2.jpg\",\"contentUrl\":\"https:\\\/\\\/www.moulindelagassotte.fr\\\/2022\\\/wp-content\\\/uploads\\\/2025\\\/10\\\/salle2.jpg\"},{\"@type\":\"BreadcrumbList\",\"@id\":\"https:\\\/\\\/www.moulindelagassotte.fr\\\/location-de-salle\\\/#breadcrumb\",\"itemListElement\":[{\"@type\":\"ListItem\",\"position\":1,\"name\":\"Accueil\",\"item\":\"https:\\\/\\\/www.moulindelagassotte.fr\\\/\"},{\"@type\":\"ListItem\",\"position\":2,\"name\":\"Salle Commune\"}]},{\"@type\":\"WebSite\",\"@id\":\"https:\\\/\\\/www.moulindelagassotte.fr\\\/#website\",\"url\":\"https:\\\/\\\/www.moulindelagassotte.fr\\\/\",\"name\":\"Le Moulin de la Gassotte\",\"description\":\"Camping - G\u00eetes - G\u00eete d&#039;\u00c9tape \u00e0 Saint-Savin (86)\",\"publisher\":{\"@id\":\"https:\\\/\\\/www.moulindelagassotte.fr\\\/#organization\"},\"potentialAction\":[{\"@type\":\"SearchAction\",\"target\":{\"@type\":\"EntryPoint\",\"urlTemplate\":\"https:\\\/\\\/www.moulindelagassotte.fr\\\/?s={search_term_string}\"},\"query-input\":{\"@type\":\"PropertyValueSpecification\",\"valueRequired\":true,\"valueName\":\"search_term_string\"}}],\"inLanguage\":\"de\"},{\"@type\":\"Organization\",\"@id\":\"https:\\\/\\\/www.moulindelagassotte.fr\\\/#organization\",\"name\":\"Le Moulin de la Gassotte\",\"url\":\"https:\\\/\\\/www.moulindelagassotte.fr\\\/\",\"logo\":{\"@type\":\"ImageObject\",\"inLanguage\":\"de\",\"@id\":\"https:\\\/\\\/www.moulindelagassotte.fr\\\/#\\\/schema\\\/logo\\\/image\\\/\",\"url\":\"https:\\\/\\\/www.moulindelagassotte.fr\\\/2022\\\/wp-content\\\/uploads\\\/2022\\\/04\\\/logo-gassotte-gris.png\",\"contentUrl\":\"https:\\\/\\\/www.moulindelagassotte.fr\\\/2022\\\/wp-content\\\/uploads\\\/2022\\\/04\\\/logo-gassotte-gris.png\",\"width\":300,\"height\":112,\"caption\":\"Le Moulin de la Gassotte\"},\"image\":{\"@id\":\"https:\\\/\\\/www.moulindelagassotte.fr\\\/#\\\/schema\\\/logo\\\/image\\\/\"}}]}<\/script>\n<!-- \/ Yoast SEO plugin. -->","yoast_head_json":{"title":"Salle Commune - Le Moulin de la Gassotte","robots":{"index":"index","follow":"follow","max-snippet":"max-snippet:-1","max-image-preview":"max-image-preview:large","max-video-preview":"max-video-preview:-1"},"canonical":"https:\/\/www.moulindelagassotte.fr\/de\/location-de-salle\/","og_locale":"de_DE","og_type":"article","og_title":"Salle Commune - Le Moulin de la Gassotte","og_description":"Cette salle polyvalente est disponible \u00e0 des fins diverses, y compris pour des f\u00eates en dehors de la saison de camping. Vous avez la possibilit\u00e9 de louer l\u2019ensemble&hellip;","og_url":"https:\/\/www.moulindelagassotte.fr\/de\/location-de-salle\/","og_site_name":"Le Moulin de la Gassotte","article_modified_time":"2025-10-07T15:49:09+00:00","og_image":[{"width":640,"height":481,"url":"https:\/\/www.moulindelagassotte.fr\/2022\/wp-content\/uploads\/2025\/10\/salle2.jpg","type":"image\/jpeg"}],"twitter_card":"summary_large_image","twitter_misc":{"Gesch\u00e4tzte Lesezeit":"5\u00a0Minuten"},"schema":{"@context":"https:\/\/schema.org","@graph":[{"@type":"WebPage","@id":"https:\/\/www.moulindelagassotte.fr\/location-de-salle\/","url":"https:\/\/www.moulindelagassotte.fr\/location-de-salle\/","name":"Salle Commune - Le Moulin de la Gassotte","isPartOf":{"@id":"https:\/\/www.moulindelagassotte.fr\/#website"},"primaryImageOfPage":{"@id":"https:\/\/www.moulindelagassotte.fr\/location-de-salle\/#primaryimage"},"image":{"@id":"https:\/\/www.moulindelagassotte.fr\/location-de-salle\/#primaryimage"},"thumbnailUrl":"https:\/\/www.moulindelagassotte.fr\/2022\/wp-content\/uploads\/2025\/10\/salle2.jpg","datePublished":"2022-03-17T11:15:11+00:00","dateModified":"2025-10-07T15:49:09+00:00","breadcrumb":{"@id":"https:\/\/www.moulindelagassotte.fr\/location-de-salle\/#breadcrumb"},"inLanguage":"de","potentialAction":[{"@type":"ReadAction","target":["https:\/\/www.moulindelagassotte.fr\/location-de-salle\/"]}]},{"@type":"ImageObject","inLanguage":"de","@id":"https:\/\/www.moulindelagassotte.fr\/location-de-salle\/#primaryimage","url":"https:\/\/www.moulindelagassotte.fr\/2022\/wp-content\/uploads\/2025\/10\/salle2.jpg","contentUrl":"https:\/\/www.moulindelagassotte.fr\/2022\/wp-content\/uploads\/2025\/10\/salle2.jpg"},{"@type":"BreadcrumbList","@id":"https:\/\/www.moulindelagassotte.fr\/location-de-salle\/#breadcrumb","itemListElement":[{"@type":"ListItem","position":1,"name":"Accueil","item":"https:\/\/www.moulindelagassotte.fr\/"},{"@type":"ListItem","position":2,"name":"Salle Commune"}]},{"@type":"WebSite","@id":"https:\/\/www.moulindelagassotte.fr\/#website","url":"https:\/\/www.moulindelagassotte.fr\/","name":"Le Moulin de la Gassotte","description":"Camping - G\u00eetes - G\u00eete d&#039;\u00c9tape \u00e0 Saint-Savin (86)","publisher":{"@id":"https:\/\/www.moulindelagassotte.fr\/#organization"},"potentialAction":[{"@type":"SearchAction","target":{"@type":"EntryPoint","urlTemplate":"https:\/\/www.moulindelagassotte.fr\/?s={search_term_string}"},"query-input":{"@type":"PropertyValueSpecification","valueRequired":true,"valueName":"search_term_string"}}],"inLanguage":"de"},{"@type":"Organization","@id":"https:\/\/www.moulindelagassotte.fr\/#organization","name":"Le Moulin de la Gassotte","url":"https:\/\/www.moulindelagassotte.fr\/","logo":{"@type":"ImageObject","inLanguage":"de","@id":"https:\/\/www.moulindelagassotte.fr\/#\/schema\/logo\/image\/","url":"https:\/\/www.moulindelagassotte.fr\/2022\/wp-content\/uploads\/2022\/04\/logo-gassotte-gris.png","contentUrl":"https:\/\/www.moulindelagassotte.fr\/2022\/wp-content\/uploads\/2022\/04\/logo-gassotte-gris.png","width":300,"height":112,"caption":"Le Moulin de la Gassotte"},"image":{"@id":"https:\/\/www.moulindelagassotte.fr\/#\/schema\/logo\/image\/"}}]}},"_links":{"self":[{"href":"https:\/\/www.moulindelagassotte.fr\/de\/wp-json\/wp\/v2\/pages\/2147","targetHints":{"allow":["GET"]}}],"collection":[{"href":"https:\/\/www.moulindelagassotte.fr\/de\/wp-json\/wp\/v2\/pages"}],"about":[{"href":"https:\/\/www.moulindelagassotte.fr\/de\/wp-json\/wp\/v2\/types\/page"}],"author":[{"embeddable":true,"href":"https:\/\/www.moulindelagassotte.fr\/de\/wp-json\/wp\/v2\/users\/2"}],"replies":[{"embeddable":true,"href":"https:\/\/www.moulindelagassotte.fr\/de\/wp-json\/wp\/v2\/comments?post=2147"}],"version-history":[{"count":11,"href":"https:\/\/www.moulindelagassotte.fr\/de\/wp-json\/wp\/v2\/pages\/2147\/revisions"}],"predecessor-version":[{"id":3247,"href":"https:\/\/www.moulindelagassotte.fr\/de\/wp-json\/wp\/v2\/pages\/2147\/revisions\/3247"}],"wp:attachment":[{"href":"https:\/\/www.moulindelagassotte.fr\/de\/wp-json\/wp\/v2\/media?parent=2147"}],"curies":[{"name":"wp","href":"https:\/\/api.w.org\/{rel}","templated":true}]}}